{"id":477,"date":"2020-11-03T13:44:14","date_gmt":"2020-11-03T13:44:14","guid":{"rendered":"http:\/\/limongi.adv.br\/main\/?page_id=477"},"modified":"2025-05-12T13:23:35","modified_gmt":"2025-05-12T13:23:35","slug":"ops","status":"publish","type":"page","link":"http:\/\/limongi.adv.br\/main\/","title":{"rendered":"ops"},"content":{"rendered":"[vc_row local_scroll_id=&#8221;#topo&#8221; el_id=&#8221;topo&#8221; visibility=&#8221;hide-at-mm-breakpoint&#8221;][vc_column][vc_row_inner css=&#8221;.vc_custom_1605700651791{padding-top: 56px !important;}&#8221;][vc_column_inner][vc_single_image image=&#8221;666&#8243;][\/vc_column_inner][\/vc_row_inner][\/vc_column][\/vc_row][vc_row tablet_fullwidth_cols=&#8221;yes&#8221; local_scroll_id=&#8221;#historia&#8221; el_id=&#8221;historia&#8221;][vc_column]<div class=\"vcex-module vcex-heading wpex-text-2xl wpex-font-normal wpex-m-auto wpex-max-w-100 vcex-heading-bottom-border-w-color wpex-block  wpb_animate_when_almost_visible wpb_left-to-right left-to-right vc_custom_1602532319238 wpex-border-b-2 wpex-border-solid wpex-border-gray-200\"><span class=\"vcex-heading-inner wpex-inline-block wpex-clr wpex-relative wpex-pb-5 wpex-border-b-2 wpex-border-solid wpex-border-accent\">Hist\u00f3ria<\/span><\/div>[vc_row_inner css=&#8221;.vc_custom_1602532482531{padding-top: 90px !important;}&#8221;][vc_column_inner width=&#8221;1\/2&#8243;][vc_single_image image=&#8221;586&#8243;][vc_column_text css=&#8221;.vc_custom_1602516647970{padding-top: 20px !important;padding-bottom: 40px !important;}&#8221;]\n<div class=\"wpb_wrapper\">Celso Limongi com suas filhas, Viviane Limongi e C\u00edntia Limongi<\/div>\n[\/vc_column_text][\/vc_column_inner][vc_column_inner width=&#8221;1\/2&#8243;][vc_column_text]\n<p style=\"text-align: justify;\">Em agosto de 2011, ap\u00f3s 42 anos na magistratura paulista, tendo presidido o Tribunal de Justi\u00e7a de S\u00e3o Paulo (no bi\u00eanio 2006\/2007) e ter atuado como desembargador convocado na 6\u00aa Turma do Superior Tribunal de Justi\u00e7a, <strong>Celso Limongi uniu esfor\u00e7os com suas filhas, Viviane Limongi e C\u00edntia Limongi, e juntos fundaram o escrit\u00f3rio de advocacia.<\/strong><\/p>\n[\/vc_column_text][\/vc_column_inner][\/vc_row_inner][vc_row_inner][vc_column_inner width=&#8221;1\/4&#8243;][vc_column_text]<strong>Viviane Limongi, desde 1999 dedicada ao direito empresarial, passou a liderar as \u00e1reas de Direito Privado do Escrit\u00f3rio<\/strong>, relacionadas a contratos empresariais, compliance, opera\u00e7\u00f5es societ\u00e1rias e tecnologia.[\/vc_column_text][\/vc_column_inner][vc_column_inner width=&#8221;1\/4&#8243;][vc_column_text]\n<p style=\"text-align: justify;\">Surgia a Limongi Sociedade de Advogados, <strong>escrit\u00f3rio com atua\u00e7\u00e3o personalizada e voca\u00e7\u00e3o multidisciplinar em todo o Brasil<\/strong>, incluindo Tribunais Superiores.<\/p>\n[\/vc_column_text][\/vc_column_inner][vc_column_inner width=&#8221;1\/4&#8243;][vc_column_text]\n<p style=\"text-align: justify;\">Com o falecimento de Celso Limongi, em setembro de 2018, Viviane Limongi passou a liderar as demandas do escrit\u00f3rio, <strong>sempre pautada nos princ\u00edpios \u00e9ticos, valores humanistas e profissionais de seu patrono<\/strong>.<\/p>\n[\/vc_column_text][\/vc_column_inner][vc_column_inner width=&#8221;1\/4&#8243;][vc_column_text]\n<p style=\"text-align: justify;\">Hoje, o Escrit\u00f3rio conta com advogados parceiros e associados e <strong>todos seguem os valores e diretrizes passados pelos fundadores<\/strong> e direcionam seus trabalhos \u00e0 efici\u00eancia, presteza, \u00e9tica, dedica\u00e7\u00e3o e obten\u00e7\u00e3o de resultados.<\/p>\n[\/vc_column_text][\/vc_column_inner][\/vc_row_inner][\/vc_column][\/vc_row][vc_row css=&#8221;.vc_custom_1602517536025{padding-top: 60px !important;}&#8221; local_scroll_id=&#8221;#celso&#8221; el_id=&#8221;celso&#8221;][vc_column][vc_row_inner][vc_column_inner]<div class=\"vcex-module vcex-heading wpex-text-2xl wpex-font-normal wpex-m-auto wpex-max-w-100 vcex-heading-bottom-border-w-color wpex-block  wpb_animate_when_almost_visible wpb_left-to-right left-to-right wpex-border-b-2 wpex-border-solid wpex-border-gray-200\"><span class=\"vcex-heading-inner wpex-inline-block wpex-clr wpex-relative wpex-pb-5 wpex-border-b-2 wpex-border-solid wpex-border-accent\">Celso Limongi<\/span><\/div>[vc_column_text css=&#8221;.vc_custom_1602517606821{padding-top: 20px !important;padding-bottom: 40px !important;}&#8221;]\n<div class=\"wpb_wrapper\">(<em>in memoriam<\/em>)<\/div>\n[\/vc_column_text][\/vc_column_inner][\/vc_row_inner][vc_row_inner css=&#8221;.vc_custom_1597616862840{padding-top: 30px !important;}&#8221;][vc_column_inner width=&#8221;1\/4&#8243;][vc_single_image image=&#8221;587&#8243; add_caption=&#8221;yes&#8221;][\/vc_column_inner][vc_column_inner width=&#8221;1\/4&#8243;][vc_column_text]\n<p style=\"text-align: justify;\">Integrou a <strong>magistratura paulista durante 42 anos<\/strong>, tendo iniciado sua carreira em Pirassununga em 13.01.1969. Ap\u00f3s passar pelas Comarcas de Cardoso, Palmital e Barueri, foi <strong>promovido a Juiz do Tribunal de Al\u00e7ada Criminal em 1983<\/strong> e <strong>Desembargador do Tribunal de Justi\u00e7a em 5 de setembro de 1988<\/strong>.<\/p>\n[\/vc_column_text][\/vc_column_inner][vc_column_inner width=&#8221;1\/4&#8243;][vc_column_text]\n<p style=\"text-align: justify;\"><strong>Presidiu o Tribunal de Justi\u00e7a de S\u00e3o Paulo<\/strong> no bi\u00eanio 2006\/2007 e <strong>atuou como Desembargador Convocado do TJSP<\/strong> para <strong>assumir Gabinete de Ministro na 6\u00aa Turma do Superior Tribunal de Justi\u00e7a<\/strong>, nos anos de 2009 a 2011.<\/p>\n[\/vc_column_text][\/vc_column_inner][vc_column_inner width=&#8221;1\/4&#8243;][vc_column_text]\n<p style=\"text-align: justify;\">Aposentou-se em junho de 2011 e <strong>fundou a Limongi Sociedade de Advogados<\/strong>.<\/p>\n[\/vc_column_text][vc_single_image image=&#8221;237&#8243; css=&#8221;.vc_custom_1602518240553{padding-top: 40px !important;}&#8221;][\/vc_column_inner][\/vc_row_inner][\/vc_column][\/vc_row][vc_row css=&#8221;.vc_custom_1602533118428{padding-top: 60px !important;}&#8221; local_scroll_id=&#8221;#viviane&#8221; el_id=&#8221;viviane&#8221;][vc_column][vc_row_inner][vc_column_inner]<div class=\"vcex-module vcex-heading wpex-text-2xl wpex-font-normal wpex-m-auto wpex-max-w-100 vcex-heading-bottom-border-w-color wpex-block  wpb_animate_when_almost_visible wpb_left-to-right left-to-right wpex-border-b-2 wpex-border-solid wpex-border-gray-200\"><span class=\"vcex-heading-inner wpex-inline-block wpex-clr wpex-relative wpex-pb-5 wpex-border-b-2 wpex-border-solid wpex-border-accent\">Viviane Cristina S. Limongi<\/span><\/div>[vc_column_text css=&#8221;.vc_custom_1602512504725{padding-top: 20px !important;padding-bottom: 40px !important;}&#8221;]\n<div class=\"wpb_wrapper\">Advogada graduada pela Pontif\u00edcia Universidade Cat\u00f3lica de S\u00e3o Paulo \u2013 PUC\/SP em 1998.<\/div>\n[\/vc_column_text][\/vc_column_inner][\/vc_row_inner][vc_row_inner css=&#8221;.vc_custom_1597616862840{padding-top: 30px !important;}&#8221;][vc_column_inner width=&#8221;1\/3&#8243;][vc_single_image image=&#8221;662&#8243;][\/vc_column_inner][vc_column_inner width=&#8221;1\/3&#8243;][vc_column_text css=&#8221;.vc_custom_1602511794920{padding-bottom: 40px !important;}&#8221;]\n<h5 class=\"vcex-heading vcex-heading-plain\"><span class=\"vcex-heading-inner clr\">Forma\u00e7\u00e3o acad\u00eamica<\/span><i><\/i><\/h5>\n[\/vc_column_text][vc_column_text]1994 &#8211; 1998<br \/>\nPontif\u00edcia Universidade Cat\u00f3lica de S\u00e3o Paulo \u2013 PUC\/SP<br \/>\n<strong>Gradua\u00e7\u00e3o<\/strong><\/p>\n<p>2002 &#8211; 2004<br \/>\nPontif\u00edcia Universidade Cat\u00f3lica de S\u00e3o Paulo \u2013 PUC\/SP<br \/>\n<strong>Especializa\u00e7\u00e3o em Direito Empresarial<\/strong><\/p>\n<p>2013 &#8211; 2017<br \/>\nPontif\u00edcia Universidade Cat\u00f3lica de S\u00e3o Paulo \u2013 PUC\/SP<br \/>\n<strong>Mestre em Direito Civil<\/strong><\/p>\n<p>2017<br \/>\n<strong>Especialista em Compliance Anticorrup\u00e7\u00e3o<\/strong> \u2013 Insper\/SP<\/p>\n<p>2018 \u2013 2022<br \/>\nUniversidade de S\u00e3o Paulo \u2013 USP<br \/>\n<strong>Doutora em Direito Civil<\/strong><\/p>\n<p>2024 \u2013 2025<br \/>\nUniversidade de S\u00e3o Paulo \u2013 USP<br \/>\n<strong>P\u00f3s-doutoranda em Direito Civil pela USP<\/strong>[\/vc_column_text][\/vc_column_inner][vc_column_inner width=&#8221;1\/3&#8243;][vc_column_text css=&#8221;.vc_custom_1602512104951{padding-bottom: 40px !important;}&#8221;]\n<h5 class=\"vcex-heading vcex-heading-plain\"><span class=\"vcex-heading-inner clr\">Experi\u00eancia profissional e acad\u00eamica<\/span><i><\/i><\/h5>\n[\/vc_column_text][vc_column_text]Diretora Adjunta da OAB\/SP, Subse\u00e7\u00e3o Pinheiros, tri\u00eanio 2022\/2024.<\/p>\n<p>Professora de Direito Civil da ESEG &#8211; Faculdade de Direito do Etapa;<\/p>\n<p>Professora de Direitos das Pessoas com Defici\u00eancia do Curso Preparat\u00f3rio &#8220;Meu Curso&#8221;.<\/p>\n<p style=\"text-align: justify;\">Presidente da Comiss\u00e3o de Direito Civil da OAB\/SP, Subse\u00e7\u00e3o Pinheiros, tri\u00eanio 2019\/2021.<\/p>\n<p style=\"text-align: justify;\">Presidente da Comiss\u00e3o de Rela\u00e7\u00f5es Institucionais com os Tribunais pela OAB\/SP, Subse\u00e7\u00e3o Pinheiros, tri\u00eanio 2019\/2021.<\/p>\n<p style=\"text-align: justify;\">Membro do Instituto de Direito Privado \u2013 IDP.<\/p>\n<p>Membro do IBDFam.<\/p>\n<p style=\"text-align: justify;\">Membro do Grupo de Trabalho sobre \u201cCapacidade Civil e Tomada de Decis\u00e3o Apoiada\u201d, da Secretaria Estadual dos Direitos das Pessoas de Defici\u00eancia do Estado de S\u00e3o Paulo (SDPCD).<\/p>\n<p>Autora de livro e artigos jur\u00eddicos.<\/p>\n<p style=\"text-align: justify;\">Associada Militante da Associa\u00e7\u00e3o Beneficente Jesus, Jos\u00e9 e Maria, respons\u00e1vel pela manuten\u00e7\u00e3o da Maternidade Jesus, Jos\u00e9 e Maria em Guarulhos.<\/p>\n[\/vc_column_text][\/vc_column_inner][\/vc_row_inner][\/vc_column][\/vc_row][vc_row css=&#8221;.vc_custom_1605484687879{padding-top: 60px !important;padding-bottom: 142px !important;}&#8221; local_scroll_id=&#8221;#areasdeatuacao&#8221; el_id=&#8221;areasdeatuacao&#8221;][vc_column][vc_row_inner][vc_column_inner][\/vc_column_inner][\/vc_row_inner]<div class=\"vcex-module vcex-heading wpex-text-2xl wpex-font-normal wpex-m-auto wpex-max-w-100 vcex-heading-bottom-border-w-color wpex-block  wpb_animate_when_almost_visible wpb_left-to-right left-to-right wpex-border-b-2 wpex-border-solid wpex-border-gray-200\"><span class=\"vcex-heading-inner wpex-inline-block wpex-clr wpex-relative wpex-pb-5 wpex-border-b-2 wpex-border-solid wpex-border-accent\">\u00c1reas de atua\u00e7\u00e3o<\/span><\/div>[vc_column_text css=&#8221;.vc_custom_1747056214285{padding-top: 20px !important;padding-bottom: 40px !important;}&#8221;]\n<div class=\"wpb_wrapper\">\n<p>Consultoria e assessoria em direito civil, incluindo Tribunais de Justi\u00e7a Estaduais, Superior Tribunal de Justi\u00e7a e STF.<\/p>\n<p>Realiza\u00e7\u00e3o de sustenta\u00e7\u00f5es orais e entrega de memoriais.<\/p>\n<p>Assessoramento a advogados em causas estrat\u00e9gicas.<\/p>\n<\/div>\n[\/vc_column_text][vc_column_text css=&#8221;.vc_custom_1747053348242{padding-top: 20px !important;padding-bottom: 40px !important;}&#8221; visibility=&#8221;hidden&#8221;]\n<div class=\"wpb_wrapper\"><strong>Consultoria, Contencioso (Tribunais Estaduais, STJ e STF), Pareceres e Opini\u00f5es Legais<\/strong><\/div>\n[\/vc_column_text][vc_row_inner css=&#8221;.vc_custom_1605701045454{padding-top: 30px !important;}&#8221;][vc_column_inner width=&#8221;1\/3&#8243;][vc_column_text visibility=&#8221;hidden&#8221;]Direito Civil<\/p>\n<ul>\n<li>Responsabilidade Civil<\/li>\n<li>Neg\u00f3cios Jur\u00eddicos<\/li>\n<li>Direito Imobili\u00e1rio<\/li>\n<li>Contratos diversos<\/li>\n<li>Obriga\u00e7\u00f5es<\/li>\n<li>Direitos da Personalidade<\/li>\n<\/ul>\n[\/vc_column_text][\/vc_column_inner][vc_column_inner width=&#8221;1\/3&#8243;][vc_column_text visibility=&#8221;hidden&#8221;]Compliance Anticorrup\u00e7\u00e3o<\/p>\n<ul>\n<li>Elabora\u00e7\u00e3o e concretiza\u00e7\u00e3o de Programa de Compliance Anticorrup\u00e7\u00e3o para adequa\u00e7\u00e3o \u00e0 Lei Empresa Limpa<\/li>\n<li>C\u00f3digo de \u00c9tica<\/li>\n<li>Treinamentos<\/li>\n<\/ul>\n[\/vc_column_text][\/vc_column_inner][vc_column_inner width=&#8221;1\/3&#8243;][vc_column_text visibility=&#8221;hidden&#8221;]Direito de Fam\u00edlia e Sucess\u00f5es<\/p>\n<ul>\n<li>Div\u00f3rcio e Partilha<\/li>\n<li>Invent\u00e1rios Extrajudiciais e Judiciais.<\/li>\n<li>Alimentos e Guarda<\/li>\n<\/ul>\n[\/vc_column_text][\/vc_column_inner][\/vc_row_inner][vc_row_inner css=&#8221;.vc_custom_1605701045454{padding-top: 30px !important;}&#8221;][vc_column_inner width=&#8221;1\/3&#8243;][vc_column_text visibility=&#8221;hidden&#8221;]Direito Societ\u00e1rio e Empresarial<\/p>\n<ul>\n<li>Opera\u00e7\u00f5es Societ\u00e1rias (Associa\u00e7\u00f5es, Sociedades Empresariais, Funda\u00e7\u00f5es)<\/li>\n<li>Suporte documental para M&amp;A<\/li>\n<li>Investimentos de Longo Prazo para reten\u00e7\u00e3o de talentos<\/li>\n<li>Contratos diversos<\/li>\n<\/ul>\n[\/vc_column_text][\/vc_column_inner][vc_column_inner width=&#8221;1\/3&#8243;][vc_column_text visibility=&#8221;hidden&#8221;]Direito Eletr\u00f4nico e Digital<\/p>\n<ul>\n<li>Contratos de Licenciamento de Uso de Software<\/li>\n<li>Desenvolvimento e Suporte T\u00e9cnico. SLA<\/li>\n<li>Contratos Diversos.<\/li>\n<li>Adequa\u00e7\u00e3o \u00e0 LGDP<\/li>\n<\/ul>\n[\/vc_column_text][\/vc_column_inner][vc_column_inner width=&#8221;1\/3&#8243;][vc_column_text visibility=&#8221;hidden&#8221;]Direitos das Pessoas com Defici\u00eancia<\/p>\n<ul>\n<li>Curatela. Tomada de Decis\u00e3o Apoiada. Direitos civis das pessoas com defici\u00eancia.<\/li>\n<li>Direitos dos Autistas.<\/li>\n<li>Implementa\u00e7\u00e3o de procedimentos de inclus\u00e3o. Palestras<\/li>\n<\/ul>\n[\/vc_column_text][\/vc_column_inner][\/vc_row_inner][\/vc_column][\/vc_row][vc_row full_width=&#8221;stretch_row&#8221; content_placement=&#8221;middle&#8221; css=&#8221;.vc_custom_1747053742977{background-color: #f7f7f7 !important;}&#8221; el_id=&#8221;livro&#8221; visibility=&#8221;hidden&#8221;][vc_column visibility=&#8221;hidden&#8221; width=&#8221;1\/6&#8243;][vc_single_image image=&#8221;518&#8243; img_size=&#8221;150&#215;230&#8243; alignment=&#8221;center&#8221; onclick=&#8221;custom_link&#8221; img_link_target=&#8221;_blank&#8221; css=&#8221;.vc_custom_1747053764200{padding-top: 40px !important;padding-bottom: 40px !important;}&#8221; link=&#8221;https:\/\/www.amazon.com.br\/Capacidade-Civil-Estatuto-Pessoas-Defici%C3%AAncia\/dp\/8551908286&#8243; visibility=&#8221;hidden&#8221;][\/vc_column][vc_column visibility=&#8221;hidden&#8221; width=&#8221;2\/3&#8243;][vc_column_text css=&#8221;.vc_custom_1747053770609{padding-bottom: 40px !important;}&#8221; visibility=&#8221;hidden&#8221;]\n<h5 class=\"vcex-heading vcex-heading-plain\"><span class=\"vcex-heading-inner clr\">Produ\u00e7\u00e3o acad\u00eamica<\/span><i><\/i><\/h5>\n[\/vc_column_text][vc_column_text visibility=&#8221;hidden&#8221;]\n<p style=\"text-align: justify;\"><strong>A Capacidade Civil e o Estatuto da Pessoa com Defici\u00eancia:<br \/>\nReflexos patrimoniais do neg\u00f3cio jur\u00eddico firmado pela pessoa com defici\u00eancia mental<\/strong><\/p>\n<p>Esta obra tem por objetivo promover a compara\u00e7\u00e3o entre a teoria das incapacidades constantes do C\u00f3digo Civil de 2002 e a nova teoria das incapacidades, \u00e0 luz do Estatuto da Pessoa com Defici\u00eancia, trazendo \u00e0 baila os reflexos patrimoniais decorrentes do levantamento desse v\u00e9u protetivo &#8211; Ed. Lumen Juris, 2018[\/vc_column_text][\/vc_column][vc_column visibility=&#8221;hidden&#8221; width=&#8221;1\/6&#8243;][\/vc_column][\/vc_row][vc_row local_scroll_id=&#8221;#artigos&#8221; el_id=&#8221;artigos&#8221; visibility=&#8221;hidden&#8221;][vc_column]<div class=\"vcex-module vcex-heading wpex-text-2xl wpex-font-normal wpex-m-auto wpex-max-w-100 vcex-heading-bottom-border-w-color wpex-block  wpb_animate_when_almost_visible wpb_left-to-right left-to-right vc_custom_1603809772723 wpex-border-b-2 wpex-border-solid wpex-border-gray-200\"><span class=\"vcex-heading-inner wpex-inline-block wpex-clr wpex-relative wpex-pb-5 wpex-border-b-2 wpex-border-solid wpex-border-accent\">Artigos<\/span><\/div>[vc_empty_space height=&#8221;90px&#8221;]<div class=\"vcex-module wpex-carousel wpex-carousel-blog wpex-clr owl-carousel arrwstyle-default\" data-wpex-carousel=\"{&quot;nav&quot;:true,&quot;dots&quot;:false,&quot;autoplay&quot;:false,&quot;loop&quot;:true,&quot;center&quot;:false,&quot;smartSpeed&quot;:250,&quot;items&quot;:4,&quot;slideBy&quot;:1,&quot;autoplayTimeout&quot;:5000,&quot;margin&quot;:15,&quot;itemsTablet&quot;:3,&quot;itemsMobileLandscape&quot;:2,&quot;itemsMobilePortrait&quot;:1,&quot;autoWidth&quot;:false,&quot;autoHeight&quot;:false}\"><div class=\"wpex-carousel-slide wpex-clr\"><div class=\"wpex-carousel-entry-details entry-details wpex-boxed wpex-first-mt-0 wpex-last-mb-0 wpex-clr\"><div class=\"wpex-carousel-entry-title entry-title wpex-mb-5\"><a href=\"http:\/\/limongi.adv.br\/main\/limongi\/a-capacidade-civil-e-o-estatuto-da-pessoa-com-deficiencia\">A Capacidade Civil e o Estatuto da Pessoa com Defici\u00eancia<\/a><\/div><div class=\"wpex-carousel-entry-date vcex-blog-entry-date entry-date wpex-text-sm wpex-text-gray-600 wpex-mb-5\">06\/11\/2020<\/div><div class=\"wpex-carousel-entry-excerpt entry-excerpt wpex-my-15 wpex-last-mb-0 wpex-clr\"><p>Reflexos patrimoniais do neg\u00f3cio jur\u00eddico firmado pela pessoa com defici\u00eancia mental Honrada com pref\u00e1cio do&hellip;<\/p><\/div><\/div><\/div><div class=\"wpex-carousel-slide wpex-clr\"><div class=\"wpex-carousel-entry-details entry-details wpex-boxed wpex-first-mt-0 wpex-last-mb-0 wpex-clr\"><div class=\"wpex-carousel-entry-title entry-title wpex-mb-5\"><a href=\"http:\/\/limongi.adv.br\/main\/limongi\/a-covid-19-e-as-relacoes-privadas\">A COVID-19 e as rela\u00e7\u00f5es privadas<\/a><\/div><div class=\"wpex-carousel-entry-date vcex-blog-entry-date entry-date wpex-text-sm wpex-text-gray-600 wpex-mb-5\">03\/04\/2020<\/div><div class=\"wpex-carousel-entry-excerpt entry-excerpt wpex-my-15 wpex-last-mb-0 wpex-clr\"><p>Em tempos da pandemia, muitas s\u00e3o as d\u00favidas acerca da solu\u00e7\u00e3o a ser dada aos&hellip;<\/p><\/div><\/div><\/div><div class=\"wpex-carousel-slide wpex-clr has-media\"><div class=\"wpex-carousel-entry-media entry-media\"><a href=\"http:\/\/limongi.adv.br\/main\/limongi\/o-juiz-e-a-coragem\" title=\"O Juiz e a Coragem\" class=\"wpex-carousel-entry-img\"><img data-no-lazy=\"1\" class=\"wpex-align-middle skip-lazy\" src=\"http:\/\/limongi.adv.br\/main\/wp-content\/uploads\/kenarik-boujikian4.jpg\" alt=\"\" width=\"620\" height=\"413\" \/><\/a><\/div><div class=\"wpex-carousel-entry-details entry-details wpex-boxed wpex-first-mt-0 wpex-last-mb-0 wpex-clr\"><div class=\"wpex-carousel-entry-title entry-title wpex-mb-5\"><a href=\"http:\/\/limongi.adv.br\/main\/limongi\/o-juiz-e-a-coragem\">O Juiz e a Coragem<\/a><\/div><div class=\"wpex-carousel-entry-date vcex-blog-entry-date entry-date wpex-text-sm wpex-text-gray-600 wpex-mb-5\">05\/01\/2018<\/div><div class=\"wpex-carousel-entry-excerpt entry-excerpt wpex-my-15 wpex-last-mb-0 wpex-clr\"><p>\"O Juiz e a Coragem\" No dia 11 passado, a Ju\u00edza Kenarik Boujikian tomou posse&hellip;<\/p><\/div><\/div><\/div><div class=\"wpex-carousel-slide wpex-clr\"><div class=\"wpex-carousel-entry-details entry-details wpex-boxed wpex-first-mt-0 wpex-last-mb-0 wpex-clr\"><div class=\"wpex-carousel-entry-title entry-title wpex-mb-5\"><a href=\"http:\/\/limongi.adv.br\/main\/eventos\/a-funcao-politica-do-poder-judiciario\">A Fun\u00e7\u00e3o Pol\u00edtica do Poder Judici\u00e1rio<\/a><\/div><div class=\"wpex-carousel-entry-date vcex-blog-entry-date entry-date wpex-text-sm wpex-text-gray-600 wpex-mb-5\">30\/08\/2017<\/div><div class=\"wpex-carousel-entry-excerpt entry-excerpt wpex-my-15 wpex-last-mb-0 wpex-clr\"><p>Celso Limongi, no \u00faltimo dia 28.08.2017, esteve na Secretaria de Neg\u00f3cios Jur\u00eddicos da Prefeitura de&hellip;<\/p><\/div><\/div><\/div><div class=\"wpex-carousel-slide wpex-clr\"><div class=\"wpex-carousel-entry-details entry-details wpex-boxed wpex-first-mt-0 wpex-last-mb-0 wpex-clr\"><div class=\"wpex-carousel-entry-title entry-title wpex-mb-5\"><a href=\"http:\/\/limongi.adv.br\/main\/limongi\/celso-limongi-em-entrevistas-historicas-nos-20-anos-do-conjur\">Celso Limongi em &#8220;Entrevistas Hist\u00f3ricas&#8221; nos 20 anos do Conjur<\/a><\/div><div class=\"wpex-carousel-entry-date vcex-blog-entry-date entry-date wpex-text-sm wpex-text-gray-600 wpex-mb-5\">11\/08\/2017<\/div><div class=\"wpex-carousel-entry-excerpt entry-excerpt wpex-my-15 wpex-last-mb-0 wpex-clr\"><p>&nbsp; Na se\u00e7\u00e3o \"Entrevistas Hist\u00f3ricas\", o portal Consultor Jur\u00eddico - ConJur republicou nesta semana, em&hellip;<\/p><\/div><\/div><\/div><div class=\"wpex-carousel-slide wpex-clr\"><div class=\"wpex-carousel-entry-details entry-details wpex-boxed wpex-first-mt-0 wpex-last-mb-0 wpex-clr\"><div class=\"wpex-carousel-entry-title entry-title wpex-mb-5\"><a href=\"http:\/\/limongi.adv.br\/main\/eventos\/vii-circuito-juridico-de-guarulhos-sp-politicas-publicas-para-um-brasil-melhor\">VII Circuito Jur\u00eddico de Guarulhos &#8211; SP. Pol\u00edticas p\u00fablicas para um Brasil melhor.<\/a><\/div><div class=\"wpex-carousel-entry-date vcex-blog-entry-date entry-date wpex-text-sm wpex-text-gray-600 wpex-mb-5\">09\/08\/2017<\/div><div class=\"wpex-carousel-entry-excerpt entry-excerpt wpex-my-15 wpex-last-mb-0 wpex-clr\"><p>&nbsp; &nbsp; &nbsp; Nesta data, Celso Limongi participou da abertura do VII Circuito Jur\u00eddico em&hellip;<\/p><\/div><\/div><\/div><div class=\"wpex-carousel-slide wpex-clr\"><div class=\"wpex-carousel-entry-details entry-details wpex-boxed wpex-first-mt-0 wpex-last-mb-0 wpex-clr\"><div class=\"wpex-carousel-entry-title entry-title wpex-mb-5\"><a href=\"http:\/\/limongi.adv.br\/main\/eventos\/palestra-em-recife-no-ultimo-dia-1007\">Palestra em Recife no \u00faltimo dia 10\/07.<\/a><\/div><div class=\"wpex-carousel-entry-date vcex-blog-entry-date entry-date wpex-text-sm wpex-text-gray-600 wpex-mb-5\">13\/07\/2017<\/div><div class=\"wpex-carousel-entry-excerpt entry-excerpt wpex-my-15 wpex-last-mb-0 wpex-clr\"><p>&nbsp; A OAB Pernambuco recebeu o ex-ministro do Superior Tribunal de Justi\u00e7a e ex-presidente do&hellip;<\/p><\/div><\/div><\/div><div class=\"wpex-carousel-slide wpex-clr\"><div class=\"wpex-carousel-entry-details entry-details wpex-boxed wpex-first-mt-0 wpex-last-mb-0 wpex-clr\"><div class=\"wpex-carousel-entry-title entry-title wpex-mb-5\"><a href=\"http:\/\/limongi.adv.br\/main\/midia\/novo-convenio-para-a-mjjm-em-guarulhos\">Novo conv\u00eanio para a MJJM, em Guarulhos.<\/a><\/div><div class=\"wpex-carousel-entry-date vcex-blog-entry-date entry-date wpex-text-sm wpex-text-gray-600 wpex-mb-5\">04\/07\/2017<\/div><div class=\"wpex-carousel-entry-excerpt entry-excerpt wpex-my-15 wpex-last-mb-0 wpex-clr\"><p>No \u00faltimo dia 30 de junho, Celso Limongi, presidente do Conselho Deliberativo da Maternidade Jesus,&hellip;<\/p><\/div><\/div><\/div><\/div>[\/vc_column][\/vc_row][vc_row css=&#8221;.vc_custom_1747053531603{padding-top: 60px !important;padding-bottom: 142px !important;}&#8221; local_scroll_id=&#8221;#contato&#8221; el_id=&#8221;contato&#8221; visibility=&#8221;hidden&#8221;][vc_column]<div class=\"vcex-module vcex-heading wpex-text-2xl wpex-font-normal wpex-m-auto wpex-max-w-100 vcex-heading-bottom-border-w-color wpex-block  wpb_animate_when_almost_visible wpb_left-to-right left-to-right wpex-border-b-2 wpex-border-solid wpex-border-gray-200\"><span class=\"vcex-heading-inner wpex-inline-block wpex-clr wpex-relative wpex-pb-5 wpex-border-b-2 wpex-border-solid wpex-border-accent\">Contato<\/span><\/div>[vc_row_inner css=&#8221;.vc_custom_1602532471678{padding-top: 90px !important;}&#8221;][vc_column_inner width=&#8221;1\/2&#8243;][vc_column_text]\n<p style=\"text-align: justify;\">Para entrar em contato, utilize o formul\u00e1rio, ou envie um e-mail para:\u00a0<a href=\"mailto:contato@limongi.adv.br\">contato@limongi.adv.br<\/a><\/p>\n<p style=\"text-align: justify;\">Telefones: (11) 98227-5408<\/p>\n[\/vc_column_text][\/vc_column_inner][vc_column_inner width=&#8221;1\/2&#8243;]<div role=\"form\" class=\"wpcf7\" id=\"wpcf7-f578-o1\" lang=\"pt-BR\" dir=\"ltr\">\n<div class=\"screen-reader-response\"><p role=\"status\" aria-live=\"polite\" aria-atomic=\"true\"><\/p> <ul><\/ul><\/div>\n<form action=\"\/main\/wp-json\/wp\/v2\/pages\/477#wpcf7-f578-o1\" method=\"post\" class=\"wpcf7-form init\" novalidate=\"novalidate\" data-status=\"init\">\n<div style=\"display: none;\">\n<input type=\"hidden\" name=\"_wpcf7\" value=\"578\" \/>\n<input type=\"hidden\" name=\"_wpcf7_version\" value=\"5.3\" \/>\n<input type=\"hidden\" name=\"_wpcf7_locale\" value=\"pt_BR\" \/>\n<input type=\"hidden\" name=\"_wpcf7_unit_tag\" value=\"wpcf7-f578-o1\" \/>\n<input type=\"hidden\" name=\"_wpcf7_container_post\" value=\"0\" \/>\n<input type=\"hidden\" name=\"_wpcf7_posted_data_hash\" value=\"\" \/>\n<\/div>\n<p><label> Seu nome (obrigat\u00f3rio)<br \/>\n    <span class=\"wpcf7-form-control-wrap your-name\"><input type=\"text\" name=\"your-name\" value=\"\" size=\"40\" class=\"wpcf7-form-control wpcf7-text wpcf7-validates-as-required\" aria-required=\"true\" aria-invalid=\"false\" \/><\/span> <\/label><\/p>\n<p><label> Seu e-mail (obrigat\u00f3rio)<br \/>\n    <span class=\"wpcf7-form-control-wrap your-email\"><input type=\"email\" name=\"your-email\" value=\"\" size=\"40\" class=\"wpcf7-form-control wpcf7-text wpcf7-email wpcf7-validates-as-required wpcf7-validates-as-email\" aria-required=\"true\" aria-invalid=\"false\" \/><\/span> <\/label><\/p>\n<p><label> Sua mensagem<br \/>\n    <span class=\"wpcf7-form-control-wrap your-message\"><textarea name=\"your-message\" cols=\"40\" rows=\"10\" class=\"wpcf7-form-control wpcf7-textarea\" aria-invalid=\"false\"><\/textarea><\/span> <\/label><\/p>\n<p><input type=\"submit\" value=\"Enviar\" class=\"wpcf7-form-control wpcf7-submit\" \/><\/p>\n<div class=\"wpcf7-response-output\" aria-hidden=\"true\"><\/div><\/form><\/div>[\/vc_column_inner][\/vc_row_inner][\/vc_column][\/vc_row]\n","protected":false},"excerpt":{"rendered":"<p>[vc_row local_scroll_id=&#8221;#topo&#8221; el_id=&#8221;topo&#8221; visibility=&#8221;hide-at-mm-breakpoint&#8221;][vc_column][vc_row_inner css=&#8221;.vc_custom_1605700651791{padding-top: 56px !important;}&#8221;][vc_column_inner][vc_single_image image=&#8221;666&#8243;][\/vc_column_inner][\/vc_row_inner][\/vc_column][\/vc_row][vc_row tablet_fullwidth_cols=&#8221;yes&#8221; local_scroll_id=&#8221;#historia&#8221; el_id=&#8221;historia&#8221;][vc_column][vc_row_inner css=&#8221;.vc_custom_1602532482531{padding-top: 90px !important;}&#8221;][vc_column_inner width=&#8221;1\/2&#8243;][vc_single_image image=&#8221;586&#8243;][vc_column_text css=&#8221;.vc_custom_1602516647970{padding-top: 20px !important;padding-bottom: 40px !important;}&#8221;] Celso Limongi com suas filhas, Viviane Limongi e C\u00edntia Limongi [\/vc_column_text][\/vc_column_inner][vc_column_inner width=&#8221;1\/2&#8243;][vc_column_text] Em agosto de 2011, ap\u00f3s 42 anos&hellip;<\/p>\n","protected":false},"author":3,"featured_media":0,"parent":0,"menu_order":0,"comment_status":"closed","ping_status":"closed","template":"","meta":[],"_links":{"self":[{"href":"http:\/\/limongi.adv.br\/main\/wp-json\/wp\/v2\/pages\/477"}],"collection":[{"href":"http:\/\/limongi.adv.br\/main\/wp-json\/wp\/v2\/pages"}],"about":[{"href":"http:\/\/limongi.adv.br\/main\/wp-json\/wp\/v2\/types\/page"}],"author":[{"embeddable":true,"href":"http:\/\/limongi.adv.br\/main\/wp-json\/wp\/v2\/users\/3"}],"replies":[{"embeddable":true,"href":"http:\/\/limongi.adv.br\/main\/wp-json\/wp\/v2\/comments?post=477"}],"version-history":[{"count":43,"href":"http:\/\/limongi.adv.br\/main\/wp-json\/wp\/v2\/pages\/477\/revisions"}],"predecessor-version":[{"id":677,"href":"http:\/\/limongi.adv.br\/main\/wp-json\/wp\/v2\/pages\/477\/revisions\/677"}],"wp:attachment":[{"href":"http:\/\/limongi.adv.br\/main\/wp-json\/wp\/v2\/media?parent=477"}],"curies":[{"name":"wp","href":"https:\/\/api.w.org\/{rel}","templated":true}]}}